{"id":2192,"date":"2023-07-06T16:24:30","date_gmt":"2023-07-06T13:24:30","guid":{"rendered":"https:\/\/turas.com.tr\/?page_id=2192"},"modified":"2023-07-18T12:28:55","modified_gmt":"2023-07-18T09:28:55","slug":"insan-kaynaklari","status":"publish","type":"page","link":"https:\/\/turas.com.tr\/?page_id=2192","title":{"rendered":"\u0130nsan Kaynaklar\u0131"},"content":{"rendered":"<section class=\"wpb-content-wrapper\"><p>&nbsp;<\/p>\n<p><img loading=\"lazy\" decoding=\"async\" class=\"aligncenter wp-image-2784\" src=\"https:\/\/turas.com.tr\/wp-content\/uploads\/2023\/07\/ik-banner.jpg\" alt=\"\" width=\"1087\" height=\"348\" srcset=\"https:\/\/turas.com.tr\/wp-content\/uploads\/2023\/07\/ik-banner.jpg 2000w, https:\/\/turas.com.tr\/wp-content\/uploads\/2023\/07\/ik-banner-300x96.jpg 300w, https:\/\/turas.com.tr\/wp-content\/uploads\/2023\/07\/ik-banner-1024x328.jpg 1024w, https:\/\/turas.com.tr\/wp-content\/uploads\/2023\/07\/ik-banner-768x246.jpg 768w, https:\/\/turas.com.tr\/wp-content\/uploads\/2023\/07\/ik-banner-1536x492.jpg 1536w\" sizes=\"auto, (max-width: 1087px) 100vw, 1087px\" \/>[vc_row][vc_column][vc_column_text]<span style=\"color: #3366ff;\"><b>\u0130\u015fe Al\u0131m S\u00fcreci<\/b><\/span><!--more--><\/p>\n<p>\u0130\u015fe al\u0131mlar, b\u00f6l\u00fcmlerin gereksinimleri do\u011frultusunda, y\u0131ll\u0131k olarak haz\u0131rlanan ve periyodik olarak g\u00fcncellenen i\u015f g\u00fcc\u00fc plan\u0131na g\u00f6re yap\u0131lmaktad\u0131r. \u0130\u015fe al\u0131m s\u00fcreci; \u015firketin gereksinim duydu\u011fu pozisyonlar\u0131n ve profillerin tan\u0131mlanmas\u0131 ile ba\u015flar.<\/p>\n<p>Eleman ihtiyac\u0131m\u0131z oldu\u011funda, gazetelerde ve di\u011fer medya kanallar\u0131nda i\u015f ilanlar\u0131m\u0131z yer al\u0131r. S\u00f6z konusu ilanlara internet sitemiz arac\u0131l\u0131\u011f\u0131yla ula\u015fabilirsiniz.<\/p>\n<p>\u0130nternet arac\u0131l\u0131\u011f\u0131 ile iletilen \u00f6zge\u00e7mi\u015fler, aranan profillerle kar\u015f\u0131la\u015ft\u0131r\u0131l\u0131r ve belirlenen kriterlere uygun adaylar i\u015f g\u00f6r\u00fc\u015fmesine \u00e7a\u011f\u0131r\u0131l\u0131r. Pozisyona ve profile en uygun aday\u0131 saptayabilmek i\u00e7in b\u00f6l\u00fcm yetkilileri i\u015fe al\u0131m s\u00fcrecinde ve g\u00f6r\u00fc\u015fmelerde i\u015fbirli\u011finde bulunurlar.<\/p>\n<p><span style=\"color: #3366ff;\"><b>\u0130\u015f Ba\u015fvurusu<\/b><\/span><\/p>\n<p>Tura\u015f Turizm ve Ticaret A.\u015e.&#8217;ne kat\u0131lmak istiyorsan\u0131z, CV&#8217;nizi g\u00f6ndermeniz yeterlidir. \u00d6zge\u00e7mi\u015finiz otomatik olarak aday havuzumuza al\u0131nacakt\u0131r.<\/p>\n<p><span style=\"color: #3366ff;\"><b>A\u00e7\u0131k Pozisyonlar<\/b><\/span><\/p>\n<p>A\u00e7\u0131k pozisyon oldu\u011fu takdirde \u00f6zge\u00e7mi\u015f havuzumuzdaki bilgileriniz incelenecek ve taraf\u0131n\u0131za bilgi verilecektir. Bu pozisyonlardan birine ba\u015fvurmak i\u00e7in haz\u0131r olan\u00a0CV&#8217;nizi a\u015fa\u011f\u0131daki e-mail adresine yollayabilir veya formumuzu doldurabilirsiniz.[\/vc_column_text][\/vc_column][\/vc_row]<\/p>\n<\/section>","protected":false},"excerpt":{"rendered":"<p>&nbsp; [vc_row][vc_column][vc_column_text]\u0130\u015fe Al\u0131m S\u00fcreci<\/p>\n","protected":false},"author":1,"featured_media":0,"parent":0,"menu_order":0,"comment_status":"closed","ping_status":"closed","template":"","meta":{"footnotes":""},"class_list":["post-2192","page","type-page","status-publish","hentry"],"_links":{"self":[{"href":"https:\/\/turas.com.tr\/index.php?rest_route=\/wp\/v2\/pages\/2192","targetHints":{"allow":["GET"]}}],"collection":[{"href":"https:\/\/turas.com.tr\/index.php?rest_route=\/wp\/v2\/pages"}],"about":[{"href":"https:\/\/turas.com.tr\/index.php?rest_route=\/wp\/v2\/types\/page"}],"author":[{"embeddable":true,"href":"https:\/\/turas.com.tr\/index.php?rest_route=\/wp\/v2\/users\/1"}],"replies":[{"embeddable":true,"href":"https:\/\/turas.com.tr\/index.php?rest_route=%2Fwp%2Fv2%2Fcomments&post=2192"}],"version-history":[{"count":7,"href":"https:\/\/turas.com.tr\/index.php?rest_route=\/wp\/v2\/pages\/2192\/revisions"}],"predecessor-version":[{"id":2788,"href":"https:\/\/turas.com.tr\/index.php?rest_route=\/wp\/v2\/pages\/2192\/revisions\/2788"}],"wp:attachment":[{"href":"https:\/\/turas.com.tr\/index.php?rest_route=%2Fwp%2Fv2%2Fmedia&parent=2192"}],"curies":[{"name":"wp","href":"https:\/\/api.w.org\/{rel}","templated":true}]}}