{"id":2369,"date":"2023-07-11T16:10:57","date_gmt":"2023-07-11T13:10:57","guid":{"rendered":"https:\/\/turas.com.tr\/?page_id=2369"},"modified":"2023-11-20T15:25:39","modified_gmt":"2023-11-20T12:25:39","slug":"bodrum-halk-plaji","status":"publish","type":"page","link":"https:\/\/turas.com.tr\/?page_id=2369","title":{"rendered":"Bodrum T\u00fcrkb\u00fck\u00fc Halk Plaj\u0131"},"content":{"rendered":"<section class=\"wpb-content-wrapper\"><p>[vc_row css=&#8221;.vc_custom_1689162365712{margin-top: 30px !important;}&#8221;][vc_column][vc_images_carousel images=&#8221;3030&#8243; img_size=&#8221;1145&#215;500&#8243; css_animation=&#8221;fadeInLeft&#8221;][\/vc_column][\/vc_row][vc_row][vc_column width=&#8221;1\/4&#8243;][vc_single_image image=&#8221;2614&#8243; img_size=&#8221;250&#215;250&#8243;][vc_custom_heading text=&#8221;\u00dccretsiz Ki\u015fi Giri\u015fi&#8221; font_container=&#8221;tag:h5|text_align:center&#8221; google_fonts=&#8221;font_family:Ubuntu%3A300%2C300italic%2Cregular%2Citalic%2C500%2C500italic%2C700%2C700italic|font_style:400%20regular%3A400%3Anormal&#8221;][vc_column_text]<\/p>\n<p style=\"text-align: center;\">T\u00fcm plajlar\u0131m\u0131zda Ki\u015filerin giri\u015flerinden \u00fccret al\u0131nmamaktad\u0131r.<\/p>\n<p>[\/vc_column_text][\/vc_column][vc_column width=&#8221;1\/4&#8243;][vc_single_image image=&#8221;2615&#8243; img_size=&#8221;250&#215;250&#8243;][vc_custom_heading text=&#8221;Uygun Fiyatlar&#8221; font_container=&#8221;tag:h5|text_align:center&#8221; google_fonts=&#8221;font_family:Ubuntu%3A300%2C300italic%2Cregular%2Citalic%2C500%2C500italic%2C700%2C700italic|font_style:400%20regular%3A400%3Anormal&#8221;][vc_column_text]<\/p>\n<p style=\"text-align: center;\">Uygun fiyatlar ile sizlere en kaliteli leziz \u00fcr\u00fcnleri sunar\u0131z<\/p>\n<p>[\/vc_column_text][\/vc_column][vc_column width=&#8221;1\/4&#8243;][vc_single_image image=&#8221;2616&#8243; img_size=&#8221;250&#215;250&#8243;][vc_custom_heading text=&#8221;Temiz Sahiller&#8221; font_container=&#8221;tag:h5|text_align:center&#8221; google_fonts=&#8221;font_family:Ubuntu%3A300%2C300italic%2Cregular%2Citalic%2C500%2C500italic%2C700%2C700italic|font_style:400%20regular%3A400%3Anormal&#8221;][vc_column_text]<\/p>\n<p style=\"text-align: center;\">Sizler\u00a0 gelmeden \u00f6nce her sabah sizin i\u00e7in sahiller d\u00fczenlenir temizlenir.<\/p>\n<p>[\/vc_column_text][\/vc_column][vc_column width=&#8221;1\/4&#8243;][vc_single_image image=&#8221;2617&#8243; img_size=&#8221;250&#215;250&#8243;][vc_custom_heading text=&#8221;Engelli Dostu&#8221; font_container=&#8221;tag:h5|text_align:center&#8221; google_fonts=&#8221;font_family:Ubuntu%3A300%2C300italic%2Cregular%2Citalic%2C500%2C500italic%2C700%2C700italic|font_style:400%20regular%3A400%3Anormal&#8221;][vc_column_text]<\/p>\n<p style=\"text-align: center;\">Halk plajlar\u0131m\u0131z engelli dostlar\u0131m\u0131z\u0131n kullan\u0131m\u0131 i\u00e7in tasarlanm\u0131\u015ft\u0131r.<\/p>\n<p>[\/vc_column_text][\/vc_column][\/vc_row][vc_row][vc_column width=&#8221;1\/4&#8243;][vc_single_image image=&#8221;2618&#8243; img_size=&#8221;250&#215;250&#8243;][vc_custom_heading text=&#8221;Otopark&#8221; font_container=&#8221;tag:h5|text_align:center&#8221; google_fonts=&#8221;font_family:Ubuntu%3A300%2C300italic%2Cregular%2Citalic%2C500%2C500italic%2C700%2C700italic|font_style:400%20regular%3A400%3Anormal&#8221;][vc_column_text]<\/p>\n<p style=\"text-align: center;\">7\/24 G\u00fcvenlik kameralar\u0131 ile takip edilen otoparklar.<\/p>\n<p>[\/vc_column_text][\/vc_column][vc_column width=&#8221;1\/4&#8243;][vc_single_image image=&#8221;2619&#8243; img_size=&#8221;250&#215;250&#8243;][vc_custom_heading text=&#8221;Spor Alanlar\u0131&#8221; font_container=&#8221;tag:h5|text_align:center&#8221; google_fonts=&#8221;font_family:Ubuntu%3A300%2C300italic%2Cregular%2Citalic%2C500%2C500italic%2C700%2C700italic|font_style:400%20regular%3A400%3Anormal&#8221;][vc_column_text]<\/p>\n<p style=\"text-align: center;\">Vatanda\u015flar\u0131m\u0131z\u0131n kullan\u0131m\u0131na sunulan spor alanlar\u0131<\/p>\n<p>[\/vc_column_text][\/vc_column][vc_column width=&#8221;1\/4&#8243;][vc_single_image image=&#8221;2620&#8243; img_size=&#8221;250&#215;250&#8243;][vc_custom_heading text=&#8221;Restoran &amp; Pastahane&#8221; font_container=&#8221;tag:h5|text_align:center&#8221; google_fonts=&#8221;font_family:Ubuntu%3A300%2C300italic%2Cregular%2Citalic%2C500%2C500italic%2C700%2C700italic|font_style:400%20regular%3A400%3Anormal&#8221;][vc_column_text]<\/p>\n<p style=\"text-align: center;\">Self Servis olarak hizmet veren restoranlar\u0131m\u0131zda en kaliteli \u00fcr\u00fcnler.<\/p>\n<p>[\/vc_column_text][\/vc_column][vc_column width=&#8221;1\/4&#8243;][vc_single_image image=&#8221;2621&#8243; img_size=&#8221;250&#215;250&#8243;][vc_custom_heading text=&#8221;Alkols\u00fcz Tesisler&#8221; font_container=&#8221;tag:h5|text_align:center&#8221; google_fonts=&#8221;font_family:Ubuntu%3A300%2C300italic%2Cregular%2Citalic%2C500%2C500italic%2C700%2C700italic|font_style:400%20regular%3A400%3Anormal&#8221;][vc_column_text]<\/p>\n<p style=\"text-align: center;\">Plajlar\u0131m\u0131zda alkol sat\u0131\u015f\u0131 yap\u0131lmamaktad\u0131r.<\/p>\n<p>[\/vc_column_text][\/vc_column][\/vc_row][vc_row][vc_column width=&#8221;1\/2&#8243; css=&#8221;.vc_custom_1689595797896{background-color: #ffffff !important;}&#8221;][vc_column_text]<b>Bodrum Tarih ve Co\u011frafi \u00d6zellikleri :<\/b><\/p>\n<p><b>Etimoloji<\/b><\/p>\n<p>Bodrum&#8217;un antik \u00e7a\u011fdaki ad\u0131 &#8216;Halikarnassos&#8217;tur. T\u00fcrk\u00e7e &#8216;Halikarnas&#8217; olarak okunmu\u015ftur. Aziz Petrus Kalesi (Castle of St. Peter) ad\u0131 verilen kale ile birlikte \u015fehrin Aziz Petrus&#8217;a adanmas\u0131yla \u015fehre &#8216;Petrium&#8217; ad\u0131 verilmi\u015ftir. Bu isim zaman i\u00e7erisinde \u00f6nce &#8216;petrum&#8217; sonra &#8216;potrum&#8217; ve en sonunda &#8216;Bodrum&#8217; olarak s\u00f6ylenir olmu\u015ftur.<\/p>\n<p><b>Tarih\u00e7e<\/b><\/p>\n<p>D\u00fcnyan\u0131n Yedi Harikas\u0131ndan biri olan Mausoleum Halikarnassos \u015fehrinde in\u015fa edilmi\u015ftir. Depremler ve istilalar\u0131n etkisiyle zamanla y\u0131k\u0131lan mozolenin mermerden ta\u015flar\u0131 Bodrum Kalesi&#8217;nin yap\u0131m\u0131nda kullan\u0131lm\u0131\u015ft\u0131r. Kaleyi 15. y\u00fczy\u0131lda Hristiyan \u015e\u00f6valyeler in\u015fa etmi\u015ftir. \u0130n\u015faat 100 y\u0131ll\u0131k bir s\u00fcrede tamamlanm\u0131\u015ft\u0131r. Papa kalenin bitmesi i\u00e7in kalenin yap\u0131m\u0131nda \u00e7al\u0131\u015fanlara end\u00fclijans k\u00e2\u011f\u0131tlar\u0131 da\u011f\u0131tm\u0131\u015ft\u0131r. Bodrum \u015fehri Anadolu topraklar\u0131 \u00fczerinde en son ele ge\u00e7irilen Hristiyan topra\u011f\u0131d\u0131r. \u015eehir II. Mehmed zaman\u0131nda ku\u015fat\u0131ld\u0131ysa da ancak I. S\u00fcleyman&#8217;\u0131n Rodos Seferi s\u0131ras\u0131nda ele ge\u00e7irilebilmi\u015ftir. Bodrum Kalesi bug\u00fcn d\u00fcnyan\u0131n en b\u00fcy\u00fck 2. Sualt\u0131 Arkeoloji M\u00fczesi olarak hizmet vermektedir. Do\u011fu Akdeniz&#8217;de ayakta kalan en sa\u011flam kaledir. Bodrum \u015fehri ise pek \u00e7ok k\u00fclt\u00fcrel etkinli\u011fe ev sahipli\u011fi yapmaktad\u0131r.<\/p>\n<p><b>Co\u011frafya<\/b><\/p>\n<p>Bodrum, Mu\u011fla ilinin bat\u0131 k\u00f6\u015fesinde yer al\u0131r. \u0130l\u00e7e topraklar\u0131n\u0131n b\u00fcy\u00fck \u00e7o\u011funlu\u011fu kendi ad\u0131n\u0131 ta\u015f\u0131yan bir yar\u0131mada i\u00e7erisinde bulunmaktad\u0131r ki il\u00e7e kuzey, bat\u0131 ve g\u00fcneyden Ege Denizi ile \u00e7evrelenmi\u015ftir. Do\u011fusundaki Milas hari\u00e7 herhangi bir idari s\u0131n\u0131r\u0131 yoktur.<\/p>\n<p><b>\u0130klim<\/b><\/p>\n<p>\u0130klim itibar\u0131yla Ege ve Akdeniz iklimlerinin sentezinden olu\u015fan bir \u00f6zelli\u011fe sahiptir. Yar\u0131mada olarak mikro klima alan \u00f6zelli\u011fi g\u00f6sterir. Yaz aylar\u0131nda neredeyse hi\u00e7 nem bulunmaz. K\u0131\u015f aylar\u0131nda ise nem oran\u0131 olduk\u00e7a d\u00fc\u015f\u00fckt\u00fcr. Yaz aylar\u0131 s\u0131cak ve kurak, k\u0131\u015f aylar\u0131 olduk\u00e7a \u0131l\u0131k ve ya\u011f\u0131\u015fl\u0131d\u0131r. 1970 y\u0131l\u0131ndan g\u00fcn\u00fcm\u00fcze kadar yaln\u0131zca 2004 y\u0131l\u0131 \u015fubat ay\u0131nda kar ya\u011f\u0131\u015f\u0131 g\u00f6r\u00fclm\u00fc\u015f ve kar kal\u0131nl\u0131\u011f\u0131 ortalama 5 cm&#8217;yi bulmu\u015ftur.<\/p>\n<p>Yar\u0131mada bitki \u00f6rt\u00fcs\u00fc olarak \u00e7ok belirgin bir \u015fekilde ikiye ayr\u0131lm\u0131\u015ft\u0131r. Bodrum-Milas karayolunun bat\u0131s\u0131nda yer alan k\u0131s\u0131mda bitki \u00f6rt\u00fcs\u00fc yer yer \u00e7al\u0131l\u0131k ve fundal\u0131klar ile y\u00f6rede &#8220;\u00e7eti&#8221; tabir edilen dikenli otlarla kapl\u0131d\u0131r. Karayolunun do\u011fusunda yer alan k\u0131s\u0131m i\u011fne yaprakl\u0131 k\u0131z\u0131l \u00e7am, yabani \u00e7ilek, mersin ve sandal a\u011fa\u00e7lar\u0131yla kapl\u0131d\u0131r. \u0130l\u00e7e arazisinin % 61,3\u2019\u00fc orman say\u0131lan alanlardand\u0131r. Ancak son y\u0131llarda \u00e7\u0131kan orman yang\u0131nlar\u0131 sonucunda orman \u00f6rt\u00fcs\u00fcnde belirgin bir azalma g\u00f6zlenmi\u015ftir. \u0130l\u00e7ede d\u00fczenli akarsu yoktur. Mumcular Mahallesinde bulunan Sulama G\u00f6leti ise sulama ve i\u00e7me suyu ama\u00e7l\u0131 kullan\u0131lmaktad\u0131r.[\/vc_column_text][\/vc_column][vc_column width=&#8221;1\/2&#8243; css=&#8221;.vc_custom_1689595821774{background-color: #ffffff !important;}&#8221;][vc_column_text]<b>Tesis Sorumlusu\u00a0\u00a0 :<\/b><\/p>\n<p><b>Tesis Telefon\u00a0 \u00a0\u00a0\u00a0\u00a0\u00a0 \u00a0:\u00a0<\/b>0537 265 40 13<\/p>\n<p><b>Tesis Eposta \u00a0 \u00a0 \u00a0 \u00a0 \u00a0:\u00a0<\/b>bodrum@turas.com.tr<\/p>\n<p><b>Tesis Adresi\u00a0 \u00a0 \u00a0 \u00a0\u00a0\u00a0 :\u00a0<\/b>Yal\u0131 Mahallesi, Bodrum-\u0130\u00e7meler Yolu, 48401 Bodrum\/MU\u011eLA<\/p>\n<p><b>Tesis Niteli\u011fi\u00a0 \u00a0 \u00a0 \u00a0\u00a0\u00a0:<\/b>\u00a0G\u00fcn\u00fcbirlik Halk Plaj\u0131<\/p>\n<p><b>Tesis Kapasitesi\u00a0 \u00a0:<\/b>\u00a01000<\/p>\n<p><b>Tesis Bilgi\u00a0 \u00a0 \u00a0 \u00a0 \u00a0 \u00a0\u00a0<\/b><b>\u00a0:<\/b>\u00a0Restoran, Cafe, Dinlence Alanlar\u0131<\/p>\n<p><iframe loading=\"lazy\" title=\"YouTube video player\" src=\"https:\/\/www.youtube.com\/embed\/oe_kmwcO1ag\" width=\"560\" height=\"315\" frameborder=\"0\" allowfullscreen=\"allowfullscreen\"><\/iframe><\/p>\n<p><iframe loading=\"lazy\" title=\"YouTube video player\" src=\"https:\/\/www.youtube.com\/embed\/-Y0-qyIBjvI\" width=\"560\" height=\"315\" frameborder=\"0\" allowfullscreen=\"allowfullscreen\"><\/iframe>[\/vc_column_text][\/vc_column][\/vc_row][vc_row][vc_column][vc_media_grid element_width=&#8221;3&#8243; gap=&#8221;15&#8243; grid_id=&#8221;vc_gid:1700483090293-cca79929-d4d6-4&#8243; include=&#8221;2824,2825,2826,2827,2828,2829,2830,2831,2834,2835,2836,2833,2832,3029,3030,3028&#8243;][vc_column_text][\/vc_column_text][\/vc_column][\/vc_row][vc_row][vc_column][vc_column_text]<iframe loading=\"lazy\" style=\"border: 0;\" src=\"https:\/\/www.google.com\/maps\/embed?pb=!1m18!1m12!1m3!1d3180.8614487864397!2d27.373768576319282!3d37.13221117215445!2m3!1f0!2f0!3f0!3m2!1i1024!2i768!4f13.1!3m3!1m2!1s0x14be6fc601bfa5d3%3A0x61272a9067d078c3!2zVMO8cmtiw7xrw7wgSGFsayBQbGFqxLE!5e0!3m2!1str!2str!4v1689957616600!5m2!1str!2str\" width=\"100%\" height=\"450\" allowfullscreen=\"allowfullscreen\"><\/iframe>[\/vc_column_text][vc_column_text][\/vc_column_text][\/vc_column][\/vc_row][vc_row][vc_column][\/vc_column][\/vc_row]<\/p>\n<\/section>","protected":false},"excerpt":{"rendered":"<p>[vc_row css=&#8221;.vc_custom_1689162365712{margin-top: 30px !important;}&#8221;][vc_column][vc_images_carousel images=&#8221;3030&#8243; img_size=&#8221;1145&#215;500&#8243; css_animation=&#8221;fadeInLeft&#8221;][\/vc_column][\/vc_row][vc_row][vc_column width=&#8221;1\/4&#8243;][vc_single_image image=&#8221;2614&#8243; img_size=&#8221;250&#215;250&#8243;][vc_custom_heading text=&#8221;\u00dccretsiz Ki\u015fi Giri\u015fi&#8221; font_container=&#8221;tag:h5|text_align:center&#8221; google_fonts=&#8221;font_family:Ubuntu%3A300%2C300italic%2Cregular%2Citalic%2C500%2C500italic%2C700%2C700italic|font_style:400%20regular%3A400%3Anormal&#8221;][vc_column_text] T\u00fcm plajlar\u0131m\u0131zda Ki\u015filerin giri\u015flerinden \u00fccret al\u0131nmamaktad\u0131r. [\/vc_column_text][\/vc_column][vc_column width=&#8221;1\/4&#8243;][vc_single_image image=&#8221;2615&#8243; img_size=&#8221;250&#215;250&#8243;][vc_custom_heading text=&#8221;Uygun Fiyatlar&#8221; font_container=&#8221;tag:h5|text_align:center&#8221; google_fonts=&#8221;font_family:Ubuntu%3A300%2C300italic%2Cregular%2Citalic%2C500%2C500italic%2C700%2C700italic|font_style:400%20regular%3A400%3Anormal&#8221;][vc_column_text] Uygun fiyatlar ile sizlere en kaliteli leziz \u00fcr\u00fcnleri sunar\u0131z [\/vc_column_text][\/vc_column][vc_column width=&#8221;1\/4&#8243;][vc_single_image image=&#8221;2616&#8243; img_size=&#8221;250&#215;250&#8243;][vc_custom_heading text=&#8221;Temiz Sahiller&#8221; font_container=&#8221;tag:h5|text_align:center&#8221; google_fonts=&#8221;font_family:Ubuntu%3A300%2C300italic%2Cregular%2Citalic%2C500%2C500italic%2C700%2C700italic|font_style:400%20regular%3A400%3Anormal&#8221;][vc_column_text] Sizler\u00a0 gelmeden \u00f6nce her sabah sizin i\u00e7in sahiller d\u00fczenlenir [&hellip;]<\/p>\n","protected":false},"author":1,"featured_media":0,"parent":0,"menu_order":0,"comment_status":"closed","ping_status":"closed","template":"","meta":{"footnotes":""},"class_list":["post-2369","page","type-page","status-publish","hentry"],"_links":{"self":[{"href":"https:\/\/turas.com.tr\/index.php?rest_route=\/wp\/v2\/pages\/2369","targetHints":{"allow":["GET"]}}],"collection":[{"href":"https:\/\/turas.com.tr\/index.php?rest_route=\/wp\/v2\/pages"}],"about":[{"href":"https:\/\/turas.com.tr\/index.php?rest_route=\/wp\/v2\/types\/page"}],"author":[{"embeddable":true,"href":"https:\/\/turas.com.tr\/index.php?rest_route=\/wp\/v2\/users\/1"}],"replies":[{"embeddable":true,"href":"https:\/\/turas.com.tr\/index.php?rest_route=%2Fwp%2Fv2%2Fcomments&post=2369"}],"version-history":[{"count":23,"href":"https:\/\/turas.com.tr\/index.php?rest_route=\/wp\/v2\/pages\/2369\/revisions"}],"predecessor-version":[{"id":3202,"href":"https:\/\/turas.com.tr\/index.php?rest_route=\/wp\/v2\/pages\/2369\/revisions\/3202"}],"wp:attachment":[{"href":"https:\/\/turas.com.tr\/index.php?rest_route=%2Fwp%2Fv2%2Fmedia&parent=2369"}],"curies":[{"name":"wp","href":"https:\/\/api.w.org\/{rel}","templated":true}]}}